{"id":140751,"date":"2024-01-18T23:40:29","date_gmt":"2024-01-18T22:40:29","guid":{"rendered":"https:\/\/lucie-hauri.hostpress.me\/?page_id=140751"},"modified":"2024-01-18T23:42:32","modified_gmt":"2024-01-18T22:42:32","slug":"capdepera","status":"publish","type":"page","link":"https:\/\/www.lucie-hauri.com\/es\/region\/capdepera\/","title":{"rendered":"Capdepera"},"content":{"rendered":"<div data-elementor-type=\"wp-page\" data-elementor-id=\"140751\" class=\"elementor elementor-140751\" data-elementor-post-type=\"page\">\n\t\t\t\t<div class=\"elementor-element elementor-element-2e9ea754 e-flex e-con-boxed e-con e-parent\" data-id=\"2e9ea754\" data-element_type=\"container\">\n\t\t\t\t\t<div class=\"e-con-inner\">\n\t\t\t\t<div class=\"elementor-element elementor-element-3bde5c2b elementor-widget elementor-widget-text-editor\" data-id=\"3bde5c2b\" data-element_type=\"widget\" data-widget_type=\"text-editor.default\">\n\t\t\t\t<div class=\"elementor-widget-container\">\n\t\t\t\t\t\t\t\t\t<p>El pueblo antiguo se encuentra a s\u00f3lo 3 km de Cala Ratjada, en el este de la isla. El aeropuerto se encuentra a unos 60 minutos. El pueblo Capdepera se distingue por los flores en la casas de piedra y por las calles estrechas y empedradas.<\/p>\t\t\t\t\t\t\t\t<\/div>\n\t\t\t\t<\/div>\n\t\t\t\t\t<\/div>\n\t\t\t\t<\/div>\n\t\t<div class=\"elementor-element elementor-element-3014bc22 e-flex e-con-boxed e-con e-parent\" data-id=\"3014bc22\" data-element_type=\"container\">\n\t\t\t\t\t<div class=\"e-con-inner\">\n\t\t\t\t<div class=\"elementor-element elementor-element-3e1bd058 elementor-arrows-position-inside elementor-pagination-position-outside elementor-widget elementor-widget-image-carousel\" data-id=\"3e1bd058\" data-element_type=\"widget\" data-settings=\"{&quot;image_spacing_custom&quot;:{&quot;unit&quot;:&quot;px&quot;,&quot;size&quot;:15,&quot;sizes&quot;:[]},&quot;slides_to_show&quot;:&quot;3&quot;,&quot;navigation&quot;:&quot;both&quot;,&quot;autoplay&quot;:&quot;yes&quot;,&quot;pause_on_hover&quot;:&quot;yes&quot;,&quot;pause_on_interaction&quot;:&quot;yes&quot;,&quot;autoplay_speed&quot;:5000,&quot;infinite&quot;:&quot;yes&quot;,&quot;speed&quot;:500,&quot;image_spacing_custom_tablet&quot;:{&quot;unit&quot;:&quot;px&quot;,&quot;size&quot;:&quot;&quot;,&quot;sizes&quot;:[]},&quot;image_spacing_custom_mobile&quot;:{&quot;unit&quot;:&quot;px&quot;,&quot;size&quot;:&quot;&quot;,&quot;sizes&quot;:[]}}\" data-widget_type=\"image-carousel.default\">\n\t\t\t\t<div class=\"elementor-widget-container\">\n\t\t\t\t\t\t\t<div class=\"elementor-image-carousel-wrapper swiper\" role=\"region\" aria-roledescription=\"carousel\" aria-label=\"Bild Karussell\" dir=\"ltr\">\n\t\t\t<div class=\"elementor-image-carousel swiper-wrapper\" aria-live=\"off\">\n\t\t\t\t\t\t\t\t<div class=\"swiper-slide\" role=\"group\" aria-roledescription=\"slide\" aria-label=\"1 von 3\"><a data-elementor-open-lightbox=\"yes\" data-elementor-lightbox-slideshow=\"3e1bd058\" data-e-action-hash=\"#elementor-action%3Aaction%3Dlightbox%26settings%3DeyJpZCI6NTU2MTEsInVybCI6ZmFsc2UsInNsaWRlc2hvdyI6IjNlMWJkMDU4In0%3D\"><figure class=\"swiper-slide-inner\"><img decoding=\"async\" class=\"swiper-slide-image\" src=\"https:\/\/www.lucie-hauri.com\/wp-content\/uploads\/2016\/04\/Capdepera_1.jpg\" alt=\"\" \/><\/figure><\/a><\/div><div class=\"swiper-slide\" role=\"group\" aria-roledescription=\"slide\" aria-label=\"2 von 3\"><a data-elementor-open-lightbox=\"yes\" data-elementor-lightbox-slideshow=\"3e1bd058\" data-e-action-hash=\"#elementor-action%3Aaction%3Dlightbox%26settings%3DeyJpZCI6NTU2MTIsInVybCI6ZmFsc2UsInNsaWRlc2hvdyI6IjNlMWJkMDU4In0%3D\"><figure class=\"swiper-slide-inner\"><img decoding=\"async\" class=\"swiper-slide-image\" src=\"https:\/\/www.lucie-hauri.com\/wp-content\/uploads\/2016\/04\/Capdepera_2.jpg\" alt=\"\" \/><\/figure><\/a><\/div><div class=\"swiper-slide\" role=\"group\" aria-roledescription=\"slide\" aria-label=\"3 von 3\"><a data-elementor-open-lightbox=\"yes\" data-elementor-lightbox-slideshow=\"3e1bd058\" data-e-action-hash=\"#elementor-action%3Aaction%3Dlightbox%26settings%3DeyJpZCI6NTU2MTMsInVybCI6ZmFsc2UsInNsaWRlc2hvdyI6IjNlMWJkMDU4In0%3D\"><figure class=\"swiper-slide-inner\"><img decoding=\"async\" class=\"swiper-slide-image\" src=\"https:\/\/www.lucie-hauri.com\/wp-content\/uploads\/2016\/04\/Capdepera_3.jpg\" alt=\"\" \/><\/figure><\/a><\/div>\t\t\t<\/div>\n\t\t\t\t\t\t\t\t\t\t\t\t<div class=\"elementor-swiper-button elementor-swiper-button-prev\" role=\"button\" tabindex=\"0\">\n\t\t\t\t\t\t<i aria-hidden=\"true\" class=\"eicon-chevron-left\"><\/i>\t\t\t\t\t<\/div>\n\t\t\t\t\t<div class=\"elementor-swiper-button elementor-swiper-button-next\" role=\"button\" tabindex=\"0\">\n\t\t\t\t\t\t<i aria-hidden=\"true\" class=\"eicon-chevron-right\"><\/i>\t\t\t\t\t<\/div>\n\t\t\t\t\n\t\t\t\t\t\t\t\t\t<div class=\"swiper-pagination\"><\/div>\n\t\t\t\t\t\t\t\t\t<\/div>\n\t\t\t\t\t\t<\/div>\n\t\t\t\t<\/div>\n\t\t\t\t<div class=\"elementor-element elementor-element-60574c elementor-widget elementor-widget-text-editor\" data-id=\"60574c\" data-element_type=\"widget\" data-widget_type=\"text-editor.default\">\n\t\t\t\t<div class=\"elementor-widget-container\">\n\t\t\t\t\t\t\t\t\t<p>En la Plaza de Oriente, desde donde suben escaleras a el 159 metros de alto Puig de Capdepera y a la fortaleza del siglo 13, los mi\u00e9rcoles es mercado. Este castillo es una de las fortalezas mejor conservadas de Mallorca. Desde aqu\u00ed se tiene una hermosa vista hacia el sureste de Mallorca.<\/p>\t\t\t\t\t\t\t\t<\/div>\n\t\t\t\t<\/div>\n\t\t\t\t\t<\/div>\n\t\t\t\t<\/div>\n\t\t\t\t<\/div>","protected":false},"excerpt":{"rendered":"<p>Das altert\u00fcmliche St\u00e4dtchen liegt nur 3 km von Cala Ratjada entfernt, im \u00e4u\u00dfersten Osten der Insel. Der Flughafen ist in ca. 60 Autominuten zu erreichen. Die Stadt Capdepera zeichnet sich durch mit Blumen geschm\u00fcckte Natursteinh\u00e4user und enge Pflastergassen aus. Auf dem Placa Orient, von wo aus eine Treppengasse hinauf auf den 159 Meter hohen Puig de Capdepera und zur Festung aus dem 13. Jahrhundert f\u00fchrt, ist mittwochs Markt. Diese Burganlage z\u00e4hlt zu den am besten erhaltenen Festungen Mallorcas. Von hier aus hat man einen sch\u00f6nen Weitblick auf den S\u00fcdosten Mallorcas.<\/p>","protected":false},"author":5,"featured_media":0,"parent":325,"menu_order":0,"comment_status":"closed","ping_status":"closed","template":"","meta":{"_acf_changed":false,"footnotes":""},"categories":[],"tags":[],"class_list":["post-140751","page","type-page","status-publish","hentry"],"acf":[],"yoast_head":"<!-- This site is optimized with the Yoast SEO Premium plugin v24.4 (Yoast SEO v26.8) - https:\/\/yoast.com\/product\/yoast-seo-premium-wordpress\/ -->\n<title>Capdepera - Lucie Hauri | Exclusive Real Estate<\/title>\n<meta name=\"robots\" content=\"index, follow, max-snippet:-1, max-image-preview:large, max-video-preview:-1\" \/>\n<link rel=\"canonical\" href=\"https:\/\/www.lucie-hauri.com\/es\/region\/capdepera\/\" \/>\n<meta property=\"og:locale\" content=\"es_ES\" \/>\n<meta property=\"og:type\" content=\"article\" \/>\n<meta property=\"og:title\" content=\"Capdepera - Lucie Hauri | Exclusive Real Estate\" \/>\n<meta property=\"og:description\" content=\"Das altert\u00fcmliche St\u00e4dtchen liegt nur 3 km von Cala Ratjada entfernt, im \u00e4u\u00dfersten Osten der Insel. Der Flughafen ist in ca. 60 Autominuten zu erreichen. Die Stadt Capdepera zeichnet sich durch mit Blumen geschm\u00fcckte Natursteinh\u00e4user und enge Pflastergassen aus. Auf dem Placa Orient, von wo aus eine Treppengasse hinauf auf den 159 Meter hohen Puig de Capdepera und zur Festung aus dem 13. Jahrhundert f\u00fchrt, ist mittwochs Markt. Diese Burganlage z\u00e4hlt zu den am besten erhaltenen Festungen Mallorcas. Von hier aus hat man einen sch\u00f6nen Weitblick auf den S\u00fcdosten Mallorcas.\" \/>\n<meta property=\"og:url\" content=\"https:\/\/www.lucie-hauri.com\/es\/region\/capdepera\/\" \/>\n<meta property=\"og:site_name\" content=\"Lucie Hauri | Exclusive Real Estate\" \/>\n<meta property=\"article:modified_time\" content=\"2024-01-18T22:42:32+00:00\" \/>\n<meta property=\"og:image\" content=\"https:\/\/www.lucie-hauri.com\/wp-content\/uploads\/elementor\/thumbs\/Capdepera_1-qgp4j1eqxiwrt1368mw0rsmt035zjpf0btdh2sz80m.jpg\" \/>\n<meta name=\"twitter:card\" content=\"summary_large_image\" \/>\n<meta name=\"twitter:label1\" content=\"Tiempo de lectura\" \/>\n\t<meta name=\"twitter:data1\" content=\"3 minutos\" \/>\n<script type=\"application\/ld+json\" class=\"yoast-schema-graph\">{\"@context\":\"https:\/\/schema.org\",\"@graph\":[{\"@type\":\"WebPage\",\"@id\":\"https:\/\/www.lucie-hauri.com\/en\/region\/capdepera\/\",\"url\":\"https:\/\/www.lucie-hauri.com\/en\/region\/capdepera\/\",\"name\":\"Capdepera - Lucie Hauri | Exclusive Real Estate\",\"isPartOf\":{\"@id\":\"https:\/\/www.lucie-hauri.com\/en\/#website\"},\"primaryImageOfPage\":{\"@id\":\"https:\/\/www.lucie-hauri.com\/en\/region\/capdepera\/#primaryimage\"},\"image\":{\"@id\":\"https:\/\/www.lucie-hauri.com\/en\/region\/capdepera\/#primaryimage\"},\"thumbnailUrl\":\"https:\/\/www.lucie-hauri.com\/wp-content\/uploads\/elementor\/thumbs\/Capdepera_1-qgp4j1eqxiwrt1368mw0rsmt035zjpf0btdh2sz80m.jpg\",\"datePublished\":\"2024-01-18T22:40:29+00:00\",\"dateModified\":\"2024-01-18T22:42:32+00:00\",\"breadcrumb\":{\"@id\":\"https:\/\/www.lucie-hauri.com\/en\/region\/capdepera\/#breadcrumb\"},\"inLanguage\":\"es\",\"potentialAction\":[{\"@type\":\"ReadAction\",\"target\":[\"https:\/\/www.lucie-hauri.com\/en\/region\/capdepera\/\"]}]},{\"@type\":\"ImageObject\",\"inLanguage\":\"es\",\"@id\":\"https:\/\/www.lucie-hauri.com\/en\/region\/capdepera\/#primaryimage\",\"url\":\"https:\/\/www.lucie-hauri.com\/wp-content\/uploads\/elementor\/thumbs\/Capdepera_1-qgp4j1eqxiwrt1368mw0rsmt035zjpf0btdh2sz80m.jpg\",\"contentUrl\":\"https:\/\/www.lucie-hauri.com\/wp-content\/uploads\/elementor\/thumbs\/Capdepera_1-qgp4j1eqxiwrt1368mw0rsmt035zjpf0btdh2sz80m.jpg\"},{\"@type\":\"BreadcrumbList\",\"@id\":\"https:\/\/www.lucie-hauri.com\/en\/region\/capdepera\/#breadcrumb\",\"itemListElement\":[{\"@type\":\"ListItem\",\"position\":1,\"name\":\"Region\",\"item\":\"https:\/\/www.lucie-hauri.com\/en\/region\/\"},{\"@type\":\"ListItem\",\"position\":2,\"name\":\"Capdepera\"}]},{\"@type\":\"WebSite\",\"@id\":\"https:\/\/www.lucie-hauri.com\/en\/#website\",\"url\":\"https:\/\/www.lucie-hauri.com\/en\/\",\"name\":\"Lucie Hauri | Exclusive Real Estate\",\"description\":\"\",\"potentialAction\":[{\"@type\":\"SearchAction\",\"target\":{\"@type\":\"EntryPoint\",\"urlTemplate\":\"https:\/\/www.lucie-hauri.com\/en\/?s={search_term_string}\"},\"query-input\":{\"@type\":\"PropertyValueSpecification\",\"valueRequired\":true,\"valueName\":\"search_term_string\"}}],\"inLanguage\":\"es\"}]}<\/script>\n<!-- \/ Yoast SEO Premium plugin. -->","yoast_head_json":{"title":"Capdepera - Lucie Hauri | Exclusive Real Estate","robots":{"index":"index","follow":"follow","max-snippet":"max-snippet:-1","max-image-preview":"max-image-preview:large","max-video-preview":"max-video-preview:-1"},"canonical":"https:\/\/www.lucie-hauri.com\/es\/region\/capdepera\/","og_locale":"es_ES","og_type":"article","og_title":"Capdepera - Lucie Hauri | Exclusive Real Estate","og_description":"Das altert\u00fcmliche St\u00e4dtchen liegt nur 3 km von Cala Ratjada entfernt, im \u00e4u\u00dfersten Osten der Insel. Der Flughafen ist in ca. 60 Autominuten zu erreichen. Die Stadt Capdepera zeichnet sich durch mit Blumen geschm\u00fcckte Natursteinh\u00e4user und enge Pflastergassen aus. Auf dem Placa Orient, von wo aus eine Treppengasse hinauf auf den 159 Meter hohen Puig de Capdepera und zur Festung aus dem 13. Jahrhundert f\u00fchrt, ist mittwochs Markt. Diese Burganlage z\u00e4hlt zu den am besten erhaltenen Festungen Mallorcas. Von hier aus hat man einen sch\u00f6nen Weitblick auf den S\u00fcdosten Mallorcas.","og_url":"https:\/\/www.lucie-hauri.com\/es\/region\/capdepera\/","og_site_name":"Lucie Hauri | Exclusive Real Estate","article_modified_time":"2024-01-18T22:42:32+00:00","og_image":[{"url":"https:\/\/www.lucie-hauri.com\/wp-content\/uploads\/elementor\/thumbs\/Capdepera_1-qgp4j1eqxiwrt1368mw0rsmt035zjpf0btdh2sz80m.jpg","type":"","width":"","height":""}],"twitter_card":"summary_large_image","twitter_misc":{"Tiempo de lectura":"3 minutos"},"schema":{"@context":"https:\/\/schema.org","@graph":[{"@type":"WebPage","@id":"https:\/\/www.lucie-hauri.com\/en\/region\/capdepera\/","url":"https:\/\/www.lucie-hauri.com\/en\/region\/capdepera\/","name":"Capdepera - Lucie Hauri | Exclusive Real Estate","isPartOf":{"@id":"https:\/\/www.lucie-hauri.com\/en\/#website"},"primaryImageOfPage":{"@id":"https:\/\/www.lucie-hauri.com\/en\/region\/capdepera\/#primaryimage"},"image":{"@id":"https:\/\/www.lucie-hauri.com\/en\/region\/capdepera\/#primaryimage"},"thumbnailUrl":"https:\/\/www.lucie-hauri.com\/wp-content\/uploads\/elementor\/thumbs\/Capdepera_1-qgp4j1eqxiwrt1368mw0rsmt035zjpf0btdh2sz80m.jpg","datePublished":"2024-01-18T22:40:29+00:00","dateModified":"2024-01-18T22:42:32+00:00","breadcrumb":{"@id":"https:\/\/www.lucie-hauri.com\/en\/region\/capdepera\/#breadcrumb"},"inLanguage":"es","potentialAction":[{"@type":"ReadAction","target":["https:\/\/www.lucie-hauri.com\/en\/region\/capdepera\/"]}]},{"@type":"ImageObject","inLanguage":"es","@id":"https:\/\/www.lucie-hauri.com\/en\/region\/capdepera\/#primaryimage","url":"https:\/\/www.lucie-hauri.com\/wp-content\/uploads\/elementor\/thumbs\/Capdepera_1-qgp4j1eqxiwrt1368mw0rsmt035zjpf0btdh2sz80m.jpg","contentUrl":"https:\/\/www.lucie-hauri.com\/wp-content\/uploads\/elementor\/thumbs\/Capdepera_1-qgp4j1eqxiwrt1368mw0rsmt035zjpf0btdh2sz80m.jpg"},{"@type":"BreadcrumbList","@id":"https:\/\/www.lucie-hauri.com\/en\/region\/capdepera\/#breadcrumb","itemListElement":[{"@type":"ListItem","position":1,"name":"Region","item":"https:\/\/www.lucie-hauri.com\/en\/region\/"},{"@type":"ListItem","position":2,"name":"Capdepera"}]},{"@type":"WebSite","@id":"https:\/\/www.lucie-hauri.com\/en\/#website","url":"https:\/\/www.lucie-hauri.com\/en\/","name":"Lucie Hauri | Exclusive Real Estate","description":"","potentialAction":[{"@type":"SearchAction","target":{"@type":"EntryPoint","urlTemplate":"https:\/\/www.lucie-hauri.com\/en\/?s={search_term_string}"},"query-input":{"@type":"PropertyValueSpecification","valueRequired":true,"valueName":"search_term_string"}}],"inLanguage":"es"}]}},"_links":{"self":[{"href":"https:\/\/www.lucie-hauri.com\/es\/wp-json\/wp\/v2\/pages\/140751","targetHints":{"allow":["GET"]}}],"collection":[{"href":"https:\/\/www.lucie-hauri.com\/es\/wp-json\/wp\/v2\/pages"}],"about":[{"href":"https:\/\/www.lucie-hauri.com\/es\/wp-json\/wp\/v2\/types\/page"}],"author":[{"embeddable":true,"href":"https:\/\/www.lucie-hauri.com\/es\/wp-json\/wp\/v2\/users\/5"}],"replies":[{"embeddable":true,"href":"https:\/\/www.lucie-hauri.com\/es\/wp-json\/wp\/v2\/comments?post=140751"}],"version-history":[{"count":0,"href":"https:\/\/www.lucie-hauri.com\/es\/wp-json\/wp\/v2\/pages\/140751\/revisions"}],"up":[{"embeddable":true,"href":"https:\/\/www.lucie-hauri.com\/es\/wp-json\/wp\/v2\/pages\/325"}],"wp:attachment":[{"href":"https:\/\/www.lucie-hauri.com\/es\/wp-json\/wp\/v2\/media?parent=140751"}],"wp:term":[{"taxonomy":"category","embeddable":true,"href":"https:\/\/www.lucie-hauri.com\/es\/wp-json\/wp\/v2\/categories?post=140751"},{"taxonomy":"post_tag","embeddable":true,"href":"https:\/\/www.lucie-hauri.com\/es\/wp-json\/wp\/v2\/tags?post=140751"}],"curies":[{"name":"wp","href":"https:\/\/api.w.org\/{rel}","templated":true}]}}