{"version":"1.0","provider_name":"Lucie Hauri | Exclusive Real Estate","provider_url":"https:\/\/www.lucie-hauri.com\/de","author_name":"Lucie Haurie","author_url":"https:\/\/www.lucie-hauri.com\/de\/author\/m-wichmann\/","title":"Radeln auf Mallorcas \"V\u00eda Verde\" - Lucie Hauri | Exclusive Real Estate","type":"rich","width":600,"height":338,"html":"<blockquote class=\"wp-embedded-content\" data-secret=\"NJ56QQVvrA\"><a href=\"https:\/\/www.lucie-hauri.com\/de\/radeln-auf-mallorcas-via-verde\/\">Radeln auf Mallorcas &#8222;V\u00eda Verde&#8220;<\/a><\/blockquote><iframe sandbox=\"allow-scripts\" security=\"restricted\" src=\"https:\/\/www.lucie-hauri.com\/de\/radeln-auf-mallorcas-via-verde\/embed\/#?secret=NJ56QQVvrA\" width=\"600\" height=\"338\" title=\"&#8222;Radeln auf Mallorcas &#8222;V\u00eda Verde&#8220;&#8220; &#8211; Lucie Hauri | Exclusive Real Estate\" data-secret=\"NJ56QQVvrA\" frameborder=\"0\" marginwidth=\"0\" marginheight=\"0\" scrolling=\"no\" class=\"wp-embedded-content\"><\/iframe><script>\n\/*! This file is auto-generated *\/\n!function(d,l){\"use strict\";l.querySelector&&d.addEventListener&&\"undefined\"!=typeof URL&&(d.wp=d.wp||{},d.wp.receiveEmbedMessage||(d.wp.receiveEmbedMessage=function(e){var t=e.data;if((t||t.secret||t.message||t.value)&&!\/[^a-zA-Z0-9]\/.test(t.secret)){for(var s,r,n,a=l.querySelectorAll('iframe[data-secret=\"'+t.secret+'\"]'),o=l.querySelectorAll('blockquote[data-secret=\"'+t.secret+'\"]'),c=new RegExp(\"^https?:$\",\"i\"),i=0;i<o.length;i++)o[i].style.display=\"none\";for(i=0;i<a.length;i++)s=a[i],e.source===s.contentWindow&&(s.removeAttribute(\"style\"),\"height\"===t.message?(1e3<(r=parseInt(t.value,10))?r=1e3:~~r<200&&(r=200),s.height=r):\"link\"===t.message&&(r=new URL(s.getAttribute(\"src\")),n=new URL(t.value),c.test(n.protocol))&&n.host===r.host&&l.activeElement===s&&(d.top.location.href=t.value))}},d.addEventListener(\"message\",d.wp.receiveEmbedMessage,!1),l.addEventListener(\"DOMContentLoaded\",function(){for(var e,t,s=l.querySelectorAll(\"iframe.wp-embedded-content\"),r=0;r<s.length;r++)(t=(e=s[r]).getAttribute(\"data-secret\"))||(t=Math.random().toString(36).substring(2,12),e.src+=\"#?secret=\"+t,e.setAttribute(\"data-secret\",t)),e.contentWindow.postMessage({message:\"ready\",secret:t},\"*\")},!1)))}(window,document);\n\/\/# sourceURL=https:\/\/www.lucie-hauri.com\/wp-includes\/js\/wp-embed.min.js\n<\/script>\n","thumbnail_url":"https:\/\/www.lucie-hauri.com\/wp-content\/uploads\/2016\/03\/11-e1465993283789-620x260-1.jpg","thumbnail_width":620,"thumbnail_height":260,"description":"Entlang der Levante schl\u00e4ngelt sich der &#8222;Gr\u00fcne Weg&#8220; &#8211; die 29 Kilometer lange &#8222;V\u00eda Verde&#8220;. Von Manacor bis Art\u00e0 bietet er wunderbare M\u00f6glichkeiten zum Radwandern mit Mountain- oder Trekkingbikes. Wer den \u00f6stlichen Teil der Insel aus eigener Kraft heraus &#8222;erfahren&#8220; m\u00f6chte, der ist mit seinem Bike auf der verh\u00e4ltnism\u00e4\u00dfig ebenen Strecke herzlich willkommen. Ihn erwarten nicht nur eine kurzweilige Tour durch die mediterrane Landschaft, sondern auch interessante Sehensw\u00fcrdigkeiten in den Orten und am Wegesrand. Bequeme Rastpl\u00e4tze mit Informationstafeln runden den einladenden Eindruck von diesem \u00f6kologischen Radwanderweg ab. Kulturelle Highlights auf der &#8222;V\u00eda Verde&#8220; Der &#8222;\u00d6kopfad&#8220; folgt \u00fcber Sant Lloren\u00e7, Son Carri\u00f3 und Son Servera einer stillgelegten Eisenbahnlinie. Inzwischen profitieren Wanderer und Radler von dem &#8222;Gr\u00fcnen Weg&#8220;. In Manacor ist die Altstadt mit Markt sehenswert, ebenso die fr\u00fchchristliche Basilika Son Peret\u00f3 ( 7. Jh.). Die Region Sant Lloren\u00e7 ist durch das Kastell auf der Halbinsel Punta de n&#8217;Amer und die sch\u00f6nen Str\u00e4nde von Cala Millor und Cala Bona bekannt. Interessant sind auch die Talaiotischen Siedlungspl\u00e4tze ( 4.000 Jahre alt) bei Ses Pa\u00efsses in Art\u00e0. Son Servera, am Bergh\u00fcgel Puig de sa Font, hat zwei sehenswerte Kirchen. Die Kleinstadt Art\u00e0 steht mit ihren Festivals Sant Antoni (16.\/ 17. Januar), der Aprikosenfeier (13. Juni) und dem Patronatsfest von Sant Salvador (5. bis 7. August) anderen Orten auf Mallorca in nichts nach. \u00d6kologie und Nachhaltigkeit auf der &#8222;V\u00eda Verde&#8220; Jeder Biker freut sich \u00fcber die gelungene Wiederaufforstung links und rechts der &#8222;V\u00eda Verde&#8220;. Hier wurde besonderer Wert auf die biologische Artenvielfalt gelegt. Deshalb trifft man immer wieder auf neu angepflanzte Latschenkiefern, \u00d6lb\u00e4ume, Steineichen, Wilde Pistazie ( Mastixstrauch), Rosmarin u. a. typisch mediterrane Gew\u00e4chse. Diese gliedern sich nicht nur ganz nat\u00fcrlich in die Umwelt ein, sondern sind auch noch besonders resistent und k\u00f6nnen l\u00e4ngere D\u00fcrrezeiten aushalten. Neben den 6.000 angepflanzten B\u00e4umen wurden zus\u00e4tzlich vier Wasserstellen f\u00fcr wildlebende Tiere errichtet. Ebenso nachhaltig sind die vielen Meter Zaun und B\u00f6schungsbefestigungen, die die &#8222;V\u00eda Verde&#8220; f\u00fcr den Radfahrer sicher machen. Dazu kommen sechs praktisch angelegte Rastpl\u00e4tze, ausgestattet mit Tischen, B\u00e4nken und Fahrradst\u00e4ndern. Au\u00dferdem findet der Radwanderer Informationstafeln vor, die ihm Wissenswertes \u00fcber die Landschaft, das \u00d6kosystem und die \u00c4ra der Eisenbahnlinie erz\u00e4hlen. Schlie\u00dflich sind in den ehemaligen Bahnh\u00f6fen von Sant Lloren\u00e7, Son Servera und Art\u00e0 Besucherzentren eingerichtet worden, die auf vergn\u00fcgliche Weise Informationen \u00fcber die Region und ihre Sch\u00e4tze vermitteln. So geht es gut erholt bis ans Ende der &#8222;V\u00eda Verde&#8220;, die f\u00fcr den \u00d6kotourismus auf Mallorca ein echter Gewinn ist. Motorisiert zu sein, ist hier nicht angebracht und auch nicht erlaubt. Sowohl in Manacor als auch in Art\u00e0 &#8211; den beiden gro\u00dfen Endpunkten der &#8222;V\u00eda Verde&#8220; &#8211; gibt es extra Radverleiher, die den Radwanderer nach der Tour auch jeweils zum Ausgangspunkt zur\u00fcck bringen. So wird die Tour auf dem nachhaltigen &#8222;Gr\u00fcnen Weg&#8220; ein unvergessliches Erlebnis."}